{"id":15285,"date":"2023-12-26T12:27:48","date_gmt":"2023-12-26T11:27:48","guid":{"rendered":"https:\/\/sostanj.info\/2019\/?post_type=tribe_events&#038;p=15285"},"modified":"2023-12-26T12:28:03","modified_gmt":"2023-12-26T11:28:03","slug":"razstava-gustav-silih-1893-1961","status":"publish","type":"tribe_events","link":"https:\/\/sostanj.info\/2019\/dogodki\/razstava-gustav-silih-1893-1961\/","title":{"rendered":"Razstava, Gustav \u0160ilih (1893 &#8211; 1961)"},"content":{"rendered":"<p>V preteklem letu smo obele\u017eili 130. obletnico rojstva Gustava \u0160iliha, znamenitega Velenj\u010dana, domoljuba, borca za severno slovensko mejo, priznanega slovenskega pedagoga in pisatelja.&nbsp;Kot&nbsp;&nbsp;pedagog in psiholog se je s strokovnimi spisi in predavanji uveljavil v didaktiki, mladinski psihologiji, izobra\u017eevanju u\u010diteljev ter dru\u017einski vzgoji in v slovensko pedagogiko prena\u0161al napredne evropske pedago\u0161ke ideje. Mnoge njegove ideje in dela so \u0161e danes pomemben \u0161tudijski viri in skoraj ni resnej\u0161e pedago\u0161ke razprave oziroma publikacije, ki se ne bi sklicevala tudi na \u0160iliha. Poznan je tudi kot avtor dveh leposlovnih del za mladino; dolinske bajke Neko\u010d je bilo jezero in mladinskega romana Beli dvor, kjer opisuje pokrajino in dogodke \u0160ale\u0161ke doline. Razstava bo na ogled do konca februarja.<\/p>\n<p>Avtorja razstave sta Drago Martin\u0161ek in Andreja Jurkovnik.<\/p>\n","protected":false},"excerpt":{"rendered":"<p>V preteklem letu smo obele\u017eili 130. obletnico rojstva Gustava \u0160iliha, znamenitega Velenj\u010dana, domoljuba, borca za severno slovensko mejo, priznanega slovenskega pedagoga in pisatelja.&nbsp;Kot&nbsp;&nbsp;pedagog in psiholog se je s strokovnimi spisi&#8230;<\/p>\n","protected":false},"author":1,"featured_media":8430,"comment_status":"closed","ping_status":"closed","template":"","meta":{"ngg_post_thumbnail":0,"footnotes":""},"tags":[],"tribe_events_cat":[52],"class_list":["post-15285","tribe_events","type-tribe_events","status-publish","has-post-thumbnail","hentry","tribe_events_cat-kultura_umetnost","cat_kultura_umetnost"],"_links":{"self":[{"href":"https:\/\/sostanj.info\/2019\/wp-json\/wp\/v2\/tribe_events\/15285","targetHints":{"allow":["GET"]}}],"collection":[{"href":"https:\/\/sostanj.info\/2019\/wp-json\/wp\/v2\/tribe_events"}],"about":[{"href":"https:\/\/sostanj.info\/2019\/wp-json\/wp\/v2\/types\/tribe_events"}],"author":[{"embeddable":true,"href":"https:\/\/sostanj.info\/2019\/wp-json\/wp\/v2\/users\/1"}],"replies":[{"embeddable":true,"href":"https:\/\/sostanj.info\/2019\/wp-json\/wp\/v2\/comments?post=15285"}],"version-history":[{"count":2,"href":"https:\/\/sostanj.info\/2019\/wp-json\/wp\/v2\/tribe_events\/15285\/revisions"}],"predecessor-version":[{"id":15289,"href":"https:\/\/sostanj.info\/2019\/wp-json\/wp\/v2\/tribe_events\/15285\/revisions\/15289"}],"wp:featuredmedia":[{"embeddable":true,"href":"https:\/\/sostanj.info\/2019\/wp-json\/wp\/v2\/media\/8430"}],"wp:attachment":[{"href":"https:\/\/sostanj.info\/2019\/wp-json\/wp\/v2\/media?parent=15285"}],"wp:term":[{"taxonomy":"post_tag","embeddable":true,"href":"https:\/\/sostanj.info\/2019\/wp-json\/wp\/v2\/tags?post=15285"},{"taxonomy":"tribe_events_cat","embeddable":true,"href":"https:\/\/sostanj.info\/2019\/wp-json\/wp\/v2\/tribe_events_cat?post=15285"}],"curies":[{"name":"wp","href":"https:\/\/api.w.org\/{rel}","templated":true}]}}